{"id":37707,"date":"2023-02-07T18:20:17","date_gmt":"2023-02-07T18:20:17","guid":{"rendered":"https:\/\/lereumaviagem.com\/piqueniques-literarios-em-tapetes-voadores\/?post_type=equipe&#038;p=37707"},"modified":"2023-02-09T14:58:29","modified_gmt":"2023-02-09T17:58:29","slug":"talita-del-collado","status":"publish","type":"equipe","link":"https:\/\/lereumaviagem.com\/piqueniques-literarios-em-tapetes-voadores\/equipe\/talita-del-collado\/","title":{"rendered":"Talita Del Collado"},"content":{"rendered":"<p>Percussionista e cantora, produtora musical. Integra o grupo de forr\u00f3 Trio Mana Flor desde 2008 e realiza cerca de 80 shows por ano no Brasil e no exterior. Comp\u00f5e trilhas sonoras para cinema (&#8220;A \u00daltima Floresta&#8221; e &#8220;Respeitem as Nossas Hist\u00f3rias&#8221;), participa de projetos musicais da Cia. Cabelo de Maria, com Renata Mattar e Gustavo Finkler, e do tradicional grupo paulista de teatro Companhia do Feij\u00e3o. Graduada em M\u00fasica pela FAAM e formada em percuss\u00e3o popular pela EMESP (Escola de M\u00fasica do Estado de S\u00e3o Paulo), trabalha com m\u00fasica popular brasileira h\u00e1 mais de 15 anos. J\u00e1 tocou ao lado de grandes artistas como Dominguinhos, Elba Ramalho, M\u00f4nica Salmaso e Mariana Aydar.<\/p>\n","protected":false},"excerpt":{"rendered":"<p>Percussionista e cantora, produtora musical. Integra o grupo de forr\u00f3 Trio Mana Flor desde 2008 e realiza cerca de 80 shows por ano no Brasil e no exterior. Comp\u00f5e trilhas sonoras para cinema (&#8220;A \u00daltima Floresta&#8221; e &#8220;Respeitem as Nossas Hist\u00f3rias&#8221;), participa de projetos musicais da Cia. Cabelo de Maria, com Renata Mattar e Gustavo&#8230;<\/p>\n","protected":false},"featured_media":38144,"comment_status":"open","ping_status":"closed","template":"","meta":{"pmpro_default_level":""},"departamento":[81],"class_list":["post-37707","equipe","type-equipe","status-publish","has-post-thumbnail","hentry","departamento-podcasts","pmpro-has-access"],"yoast_head":"<!-- This site is optimized with the Yoast SEO plugin v26.8 - https:\/\/yoast.com\/product\/yoast-seo-wordpress\/ -->\n<title>Talita Del Collado - Piqueniques Liter\u00e1rios<\/title>\n<meta name=\"robots\" content=\"index, follow, max-snippet:-1, max-image-preview:large, max-video-preview:-1\" \/>\n<link rel=\"canonical\" href=\"https:\/\/lereumaviagem.com\/piqueniques-literarios-em-tapetes-voadores\/equipe\/talita-del-collado\/\" \/>\n<meta property=\"og:locale\" content=\"pt_BR\" \/>\n<meta property=\"og:type\" content=\"article\" \/>\n<meta property=\"og:title\" content=\"Talita Del Collado - Piqueniques Liter\u00e1rios\" \/>\n<meta property=\"og:description\" content=\"Percussionista e cantora, produtora musical. Integra o grupo de forr\u00f3 Trio Mana Flor desde 2008 e realiza cerca de 80 shows por ano no Brasil e no exterior. Comp\u00f5e trilhas sonoras para cinema (&#8220;A \u00daltima Floresta&#8221; e &#8220;Respeitem as Nossas Hist\u00f3rias&#8221;), participa de projetos musicais da Cia. Cabelo de Maria, com Renata Mattar e Gustavo...\" \/>\n<meta property=\"og:url\" content=\"https:\/\/lereumaviagem.com\/piqueniques-literarios-em-tapetes-voadores\/equipe\/talita-del-collado\/\" \/>\n<meta property=\"og:site_name\" content=\"Piqueniques Liter\u00e1rios\" \/>\n<meta property=\"article:publisher\" content=\"https:\/\/www.facebook.com\/lereumaviagem\" \/>\n<meta property=\"article:modified_time\" content=\"2023-02-09T17:58:29+00:00\" \/>\n<meta property=\"og:image\" content=\"http:\/\/lereumaviagem.com\/piqueniques-literarios-em-tapetes-voadores\/wp-content\/uploads\/2023\/02\/PLTV-Talita-Del-Colado.jpg\" \/>\n\t<meta property=\"og:image:width\" content=\"450\" \/>\n\t<meta property=\"og:image:height\" content=\"450\" \/>\n\t<meta property=\"og:image:type\" content=\"image\/jpeg\" \/>\n<meta name=\"twitter:card\" content=\"summary_large_image\" \/>\n<meta name=\"twitter:label1\" content=\"Est. tempo de leitura\" \/>\n\t<meta name=\"twitter:data1\" content=\"1 minuto\" \/>\n<script type=\"application\/ld+json\" class=\"yoast-schema-graph\">{\"@context\":\"https:\/\/schema.org\",\"@graph\":[{\"@type\":\"WebPage\",\"@id\":\"https:\/\/lereumaviagem.com\/piqueniques-literarios-em-tapetes-voadores\/equipe\/talita-del-collado\/\",\"url\":\"https:\/\/lereumaviagem.com\/piqueniques-literarios-em-tapetes-voadores\/equipe\/talita-del-collado\/\",\"name\":\"Talita Del Collado - Piqueniques Liter\u00e1rios\",\"isPartOf\":{\"@id\":\"https:\/\/lereumaviagem.com\/piqueniques-literarios-em-tapetes-voadores\/#website\"},\"primaryImageOfPage\":{\"@id\":\"https:\/\/lereumaviagem.com\/piqueniques-literarios-em-tapetes-voadores\/equipe\/talita-del-collado\/#primaryimage\"},\"image\":{\"@id\":\"https:\/\/lereumaviagem.com\/piqueniques-literarios-em-tapetes-voadores\/equipe\/talita-del-collado\/#primaryimage\"},\"thumbnailUrl\":\"https:\/\/lereumaviagem.com\/piqueniques-literarios-em-tapetes-voadores\/wp-content\/uploads\/2023\/02\/PLTV-Talita-Del-Colado.jpg\",\"datePublished\":\"2023-02-07T18:20:17+00:00\",\"dateModified\":\"2023-02-09T17:58:29+00:00\",\"breadcrumb\":{\"@id\":\"https:\/\/lereumaviagem.com\/piqueniques-literarios-em-tapetes-voadores\/equipe\/talita-del-collado\/#breadcrumb\"},\"inLanguage\":\"pt-BR\",\"potentialAction\":[{\"@type\":\"ReadAction\",\"target\":[\"https:\/\/lereumaviagem.com\/piqueniques-literarios-em-tapetes-voadores\/equipe\/talita-del-collado\/\"]}]},{\"@type\":\"ImageObject\",\"inLanguage\":\"pt-BR\",\"@id\":\"https:\/\/lereumaviagem.com\/piqueniques-literarios-em-tapetes-voadores\/equipe\/talita-del-collado\/#primaryimage\",\"url\":\"https:\/\/lereumaviagem.com\/piqueniques-literarios-em-tapetes-voadores\/wp-content\/uploads\/2023\/02\/PLTV-Talita-Del-Colado.jpg\",\"contentUrl\":\"https:\/\/lereumaviagem.com\/piqueniques-literarios-em-tapetes-voadores\/wp-content\/uploads\/2023\/02\/PLTV-Talita-Del-Colado.jpg\",\"width\":450,\"height\":450},{\"@type\":\"BreadcrumbList\",\"@id\":\"https:\/\/lereumaviagem.com\/piqueniques-literarios-em-tapetes-voadores\/equipe\/talita-del-collado\/#breadcrumb\",\"itemListElement\":[{\"@type\":\"ListItem\",\"position\":1,\"name\":\"In\u00edcio\",\"item\":\"https:\/\/lereumaviagem.com\/piqueniques-literarios-em-tapetes-voadores\/\"},{\"@type\":\"ListItem\",\"position\":2,\"name\":\"Talita Del Collado\"}]},{\"@type\":\"WebSite\",\"@id\":\"https:\/\/lereumaviagem.com\/piqueniques-literarios-em-tapetes-voadores\/#website\",\"url\":\"https:\/\/lereumaviagem.com\/piqueniques-literarios-em-tapetes-voadores\/\",\"name\":\"Piqueniques Liter\u00e1rios\",\"description\":\"Tapetes Voadores\",\"publisher\":{\"@id\":\"https:\/\/lereumaviagem.com\/piqueniques-literarios-em-tapetes-voadores\/#organization\"},\"potentialAction\":[{\"@type\":\"SearchAction\",\"target\":{\"@type\":\"EntryPoint\",\"urlTemplate\":\"https:\/\/lereumaviagem.com\/piqueniques-literarios-em-tapetes-voadores\/?s={search_term_string}\"},\"query-input\":{\"@type\":\"PropertyValueSpecification\",\"valueRequired\":true,\"valueName\":\"search_term_string\"}}],\"inLanguage\":\"pt-BR\"},{\"@type\":\"Organization\",\"@id\":\"https:\/\/lereumaviagem.com\/piqueniques-literarios-em-tapetes-voadores\/#organization\",\"name\":\"Piqueniques Liter\u00e1rios em Tapetes Voadores\",\"url\":\"https:\/\/lereumaviagem.com\/piqueniques-literarios-em-tapetes-voadores\/\",\"logo\":{\"@type\":\"ImageObject\",\"inLanguage\":\"pt-BR\",\"@id\":\"https:\/\/lereumaviagem.com\/piqueniques-literarios-em-tapetes-voadores\/#\/schema\/logo\/image\/\",\"url\":\"https:\/\/lereumaviagem.com\/piqueniques-literarios-em-tapetes-voadores\/wp-content\/uploads\/2023\/01\/logo-Piqueniques-Literarios.png\",\"contentUrl\":\"https:\/\/lereumaviagem.com\/piqueniques-literarios-em-tapetes-voadores\/wp-content\/uploads\/2023\/01\/logo-Piqueniques-Literarios.png\",\"width\":300,\"height\":154,\"caption\":\"Piqueniques Liter\u00e1rios em Tapetes Voadores\"},\"image\":{\"@id\":\"https:\/\/lereumaviagem.com\/piqueniques-literarios-em-tapetes-voadores\/#\/schema\/logo\/image\/\"},\"sameAs\":[\"https:\/\/www.facebook.com\/lereumaviagem\",\"https:\/\/www.instagram.com\/lereumaviagemoficial\/\",\"https:\/\/www.youtube.com\/@lereumaviagemoficial\"]}]}<\/script>\n<!-- \/ Yoast SEO plugin. -->","yoast_head_json":{"title":"Talita Del Collado - Piqueniques Liter\u00e1rios","robots":{"index":"index","follow":"follow","max-snippet":"max-snippet:-1","max-image-preview":"max-image-preview:large","max-video-preview":"max-video-preview:-1"},"canonical":"https:\/\/lereumaviagem.com\/piqueniques-literarios-em-tapetes-voadores\/equipe\/talita-del-collado\/","og_locale":"pt_BR","og_type":"article","og_title":"Talita Del Collado - Piqueniques Liter\u00e1rios","og_description":"Percussionista e cantora, produtora musical. Integra o grupo de forr\u00f3 Trio Mana Flor desde 2008 e realiza cerca de 80 shows por ano no Brasil e no exterior. Comp\u00f5e trilhas sonoras para cinema (&#8220;A \u00daltima Floresta&#8221; e &#8220;Respeitem as Nossas Hist\u00f3rias&#8221;), participa de projetos musicais da Cia. Cabelo de Maria, com Renata Mattar e Gustavo...","og_url":"https:\/\/lereumaviagem.com\/piqueniques-literarios-em-tapetes-voadores\/equipe\/talita-del-collado\/","og_site_name":"Piqueniques Liter\u00e1rios","article_publisher":"https:\/\/www.facebook.com\/lereumaviagem","article_modified_time":"2023-02-09T17:58:29+00:00","og_image":[{"width":450,"height":450,"url":"http:\/\/lereumaviagem.com\/piqueniques-literarios-em-tapetes-voadores\/wp-content\/uploads\/2023\/02\/PLTV-Talita-Del-Colado.jpg","type":"image\/jpeg"}],"twitter_card":"summary_large_image","twitter_misc":{"Est. tempo de leitura":"1 minuto"},"schema":{"@context":"https:\/\/schema.org","@graph":[{"@type":"WebPage","@id":"https:\/\/lereumaviagem.com\/piqueniques-literarios-em-tapetes-voadores\/equipe\/talita-del-collado\/","url":"https:\/\/lereumaviagem.com\/piqueniques-literarios-em-tapetes-voadores\/equipe\/talita-del-collado\/","name":"Talita Del Collado - Piqueniques Liter\u00e1rios","isPartOf":{"@id":"https:\/\/lereumaviagem.com\/piqueniques-literarios-em-tapetes-voadores\/#website"},"primaryImageOfPage":{"@id":"https:\/\/lereumaviagem.com\/piqueniques-literarios-em-tapetes-voadores\/equipe\/talita-del-collado\/#primaryimage"},"image":{"@id":"https:\/\/lereumaviagem.com\/piqueniques-literarios-em-tapetes-voadores\/equipe\/talita-del-collado\/#primaryimage"},"thumbnailUrl":"https:\/\/lereumaviagem.com\/piqueniques-literarios-em-tapetes-voadores\/wp-content\/uploads\/2023\/02\/PLTV-Talita-Del-Colado.jpg","datePublished":"2023-02-07T18:20:17+00:00","dateModified":"2023-02-09T17:58:29+00:00","breadcrumb":{"@id":"https:\/\/lereumaviagem.com\/piqueniques-literarios-em-tapetes-voadores\/equipe\/talita-del-collado\/#breadcrumb"},"inLanguage":"pt-BR","potentialAction":[{"@type":"ReadAction","target":["https:\/\/lereumaviagem.com\/piqueniques-literarios-em-tapetes-voadores\/equipe\/talita-del-collado\/"]}]},{"@type":"ImageObject","inLanguage":"pt-BR","@id":"https:\/\/lereumaviagem.com\/piqueniques-literarios-em-tapetes-voadores\/equipe\/talita-del-collado\/#primaryimage","url":"https:\/\/lereumaviagem.com\/piqueniques-literarios-em-tapetes-voadores\/wp-content\/uploads\/2023\/02\/PLTV-Talita-Del-Colado.jpg","contentUrl":"https:\/\/lereumaviagem.com\/piqueniques-literarios-em-tapetes-voadores\/wp-content\/uploads\/2023\/02\/PLTV-Talita-Del-Colado.jpg","width":450,"height":450},{"@type":"BreadcrumbList","@id":"https:\/\/lereumaviagem.com\/piqueniques-literarios-em-tapetes-voadores\/equipe\/talita-del-collado\/#breadcrumb","itemListElement":[{"@type":"ListItem","position":1,"name":"In\u00edcio","item":"https:\/\/lereumaviagem.com\/piqueniques-literarios-em-tapetes-voadores\/"},{"@type":"ListItem","position":2,"name":"Talita Del Collado"}]},{"@type":"WebSite","@id":"https:\/\/lereumaviagem.com\/piqueniques-literarios-em-tapetes-voadores\/#website","url":"https:\/\/lereumaviagem.com\/piqueniques-literarios-em-tapetes-voadores\/","name":"Piqueniques Liter\u00e1rios","description":"Tapetes Voadores","publisher":{"@id":"https:\/\/lereumaviagem.com\/piqueniques-literarios-em-tapetes-voadores\/#organization"},"potentialAction":[{"@type":"SearchAction","target":{"@type":"EntryPoint","urlTemplate":"https:\/\/lereumaviagem.com\/piqueniques-literarios-em-tapetes-voadores\/?s={search_term_string}"},"query-input":{"@type":"PropertyValueSpecification","valueRequired":true,"valueName":"search_term_string"}}],"inLanguage":"pt-BR"},{"@type":"Organization","@id":"https:\/\/lereumaviagem.com\/piqueniques-literarios-em-tapetes-voadores\/#organization","name":"Piqueniques Liter\u00e1rios em Tapetes Voadores","url":"https:\/\/lereumaviagem.com\/piqueniques-literarios-em-tapetes-voadores\/","logo":{"@type":"ImageObject","inLanguage":"pt-BR","@id":"https:\/\/lereumaviagem.com\/piqueniques-literarios-em-tapetes-voadores\/#\/schema\/logo\/image\/","url":"https:\/\/lereumaviagem.com\/piqueniques-literarios-em-tapetes-voadores\/wp-content\/uploads\/2023\/01\/logo-Piqueniques-Literarios.png","contentUrl":"https:\/\/lereumaviagem.com\/piqueniques-literarios-em-tapetes-voadores\/wp-content\/uploads\/2023\/01\/logo-Piqueniques-Literarios.png","width":300,"height":154,"caption":"Piqueniques Liter\u00e1rios em Tapetes Voadores"},"image":{"@id":"https:\/\/lereumaviagem.com\/piqueniques-literarios-em-tapetes-voadores\/#\/schema\/logo\/image\/"},"sameAs":["https:\/\/www.facebook.com\/lereumaviagem","https:\/\/www.instagram.com\/lereumaviagemoficial\/","https:\/\/www.youtube.com\/@lereumaviagemoficial"]}]}},"_links":{"self":[{"href":"https:\/\/lereumaviagem.com\/piqueniques-literarios-em-tapetes-voadores\/wp-json\/wp\/v2\/equipe\/37707","targetHints":{"allow":["GET"]}}],"collection":[{"href":"https:\/\/lereumaviagem.com\/piqueniques-literarios-em-tapetes-voadores\/wp-json\/wp\/v2\/equipe"}],"about":[{"href":"https:\/\/lereumaviagem.com\/piqueniques-literarios-em-tapetes-voadores\/wp-json\/wp\/v2\/types\/equipe"}],"replies":[{"embeddable":true,"href":"https:\/\/lereumaviagem.com\/piqueniques-literarios-em-tapetes-voadores\/wp-json\/wp\/v2\/comments?post=37707"}],"wp:featuredmedia":[{"embeddable":true,"href":"https:\/\/lereumaviagem.com\/piqueniques-literarios-em-tapetes-voadores\/wp-json\/wp\/v2\/media\/38144"}],"wp:attachment":[{"href":"https:\/\/lereumaviagem.com\/piqueniques-literarios-em-tapetes-voadores\/wp-json\/wp\/v2\/media?parent=37707"}],"wp:term":[{"taxonomy":"departamento","embeddable":true,"href":"https:\/\/lereumaviagem.com\/piqueniques-literarios-em-tapetes-voadores\/wp-json\/wp\/v2\/departamento?post=37707"}],"curies":[{"name":"wp","href":"https:\/\/api.w.org\/{rel}","templated":true}]}}