{"id":37692,"date":"2023-02-07T18:09:55","date_gmt":"2023-02-07T18:09:55","guid":{"rendered":"https:\/\/lereumaviagem.com\/piqueniques-literarios-em-tapetes-voadores\/?post_type=equipe&#038;p=37692"},"modified":"2023-02-09T14:53:51","modified_gmt":"2023-02-09T17:53:51","slug":"daniela-buono","status":"publish","type":"equipe","link":"https:\/\/lereumaviagem.com\/piqueniques-literarios-em-tapetes-voadores\/equipe\/daniela-buono\/","title":{"rendered":"Daniela Buono"},"content":{"rendered":"<p>Jornalista, redatora, roteirista e especialista em comunica\u00e7\u00e3o digital. Produtora de conte\u00fado sobre maternidade e primeira inf\u00e2ncia (Cia das M\u00e3es, Amamenta\u00e7\u00e3o sem Mist\u00e9rio, Radar da Primeira Inf\u00e2ncia). Atuou em projetos na imprensa (MTV, Cultura, GNT, TV Escola), empresas (WMF Martins Fontes, EDP Brasil, Cielo, Votorantim), organiza\u00e7\u00f5es civis (Ita\u00fa Cultural, Funda\u00e7\u00e3o Maria Cecilia Souto Vidigal, Instituto Alfa e Beto), startups (AppGuardian, Cia das M\u00e3es) e governos (prefeituras de S\u00e3o Paulo e Santo Andr\u00e9).<\/p>\n","protected":false},"excerpt":{"rendered":"<p>Jornalista, redatora, roteirista e especialista em comunica\u00e7\u00e3o digital. Produtora de conte\u00fado sobre maternidade e primeira inf\u00e2ncia (Cia das M\u00e3es, Amamenta\u00e7\u00e3o sem Mist\u00e9rio, Radar da Primeira Inf\u00e2ncia). Atuou em projetos na imprensa (MTV, Cultura, GNT, TV Escola), empresas (WMF Martins Fontes, EDP Brasil, Cielo, Votorantim), organiza\u00e7\u00f5es civis (Ita\u00fa Cultural, Funda\u00e7\u00e3o Maria Cecilia Souto Vidigal, Instituto Alfa&#8230;<\/p>\n","protected":false},"featured_media":38139,"comment_status":"open","ping_status":"closed","template":"","meta":{"pmpro_default_level":""},"departamento":[79],"class_list":["post-37692","equipe","type-equipe","status-publish","has-post-thumbnail","hentry","departamento-comunicacao","pmpro-has-access"],"yoast_head":"<!-- This site is optimized with the Yoast SEO plugin v26.8 - https:\/\/yoast.com\/product\/yoast-seo-wordpress\/ -->\n<title>Daniela Buono - Piqueniques Liter\u00e1rios<\/title>\n<meta name=\"robots\" content=\"index, follow, max-snippet:-1, max-image-preview:large, max-video-preview:-1\" \/>\n<link rel=\"canonical\" href=\"https:\/\/lereumaviagem.com\/piqueniques-literarios-em-tapetes-voadores\/equipe\/daniela-buono\/\" \/>\n<meta property=\"og:locale\" content=\"pt_BR\" \/>\n<meta property=\"og:type\" content=\"article\" \/>\n<meta property=\"og:title\" content=\"Daniela Buono - Piqueniques Liter\u00e1rios\" \/>\n<meta property=\"og:description\" content=\"Jornalista, redatora, roteirista e especialista em comunica\u00e7\u00e3o digital. Produtora de conte\u00fado sobre maternidade e primeira inf\u00e2ncia (Cia das M\u00e3es, Amamenta\u00e7\u00e3o sem Mist\u00e9rio, Radar da Primeira Inf\u00e2ncia). Atuou em projetos na imprensa (MTV, Cultura, GNT, TV Escola), empresas (WMF Martins Fontes, EDP Brasil, Cielo, Votorantim), organiza\u00e7\u00f5es civis (Ita\u00fa Cultural, Funda\u00e7\u00e3o Maria Cecilia Souto Vidigal, Instituto Alfa...\" \/>\n<meta property=\"og:url\" content=\"https:\/\/lereumaviagem.com\/piqueniques-literarios-em-tapetes-voadores\/equipe\/daniela-buono\/\" \/>\n<meta property=\"og:site_name\" content=\"Piqueniques Liter\u00e1rios\" \/>\n<meta property=\"article:publisher\" content=\"https:\/\/www.facebook.com\/lereumaviagem\" \/>\n<meta property=\"article:modified_time\" content=\"2023-02-09T17:53:51+00:00\" \/>\n<meta property=\"og:image\" content=\"http:\/\/lereumaviagem.com\/piqueniques-literarios-em-tapetes-voadores\/wp-content\/uploads\/2023\/02\/PLTV-Dani-Buono-1.jpg\" \/>\n\t<meta property=\"og:image:width\" content=\"450\" \/>\n\t<meta property=\"og:image:height\" content=\"450\" \/>\n\t<meta property=\"og:image:type\" content=\"image\/jpeg\" \/>\n<meta name=\"twitter:card\" content=\"summary_large_image\" \/>\n<script type=\"application\/ld+json\" class=\"yoast-schema-graph\">{\"@context\":\"https:\/\/schema.org\",\"@graph\":[{\"@type\":\"WebPage\",\"@id\":\"https:\/\/lereumaviagem.com\/piqueniques-literarios-em-tapetes-voadores\/equipe\/daniela-buono\/\",\"url\":\"https:\/\/lereumaviagem.com\/piqueniques-literarios-em-tapetes-voadores\/equipe\/daniela-buono\/\",\"name\":\"Daniela Buono - Piqueniques Liter\u00e1rios\",\"isPartOf\":{\"@id\":\"https:\/\/lereumaviagem.com\/piqueniques-literarios-em-tapetes-voadores\/#website\"},\"primaryImageOfPage\":{\"@id\":\"https:\/\/lereumaviagem.com\/piqueniques-literarios-em-tapetes-voadores\/equipe\/daniela-buono\/#primaryimage\"},\"image\":{\"@id\":\"https:\/\/lereumaviagem.com\/piqueniques-literarios-em-tapetes-voadores\/equipe\/daniela-buono\/#primaryimage\"},\"thumbnailUrl\":\"https:\/\/lereumaviagem.com\/piqueniques-literarios-em-tapetes-voadores\/wp-content\/uploads\/2023\/02\/PLTV-Dani-Buono-1.jpg\",\"datePublished\":\"2023-02-07T18:09:55+00:00\",\"dateModified\":\"2023-02-09T17:53:51+00:00\",\"breadcrumb\":{\"@id\":\"https:\/\/lereumaviagem.com\/piqueniques-literarios-em-tapetes-voadores\/equipe\/daniela-buono\/#breadcrumb\"},\"inLanguage\":\"pt-BR\",\"potentialAction\":[{\"@type\":\"ReadAction\",\"target\":[\"https:\/\/lereumaviagem.com\/piqueniques-literarios-em-tapetes-voadores\/equipe\/daniela-buono\/\"]}]},{\"@type\":\"ImageObject\",\"inLanguage\":\"pt-BR\",\"@id\":\"https:\/\/lereumaviagem.com\/piqueniques-literarios-em-tapetes-voadores\/equipe\/daniela-buono\/#primaryimage\",\"url\":\"https:\/\/lereumaviagem.com\/piqueniques-literarios-em-tapetes-voadores\/wp-content\/uploads\/2023\/02\/PLTV-Dani-Buono-1.jpg\",\"contentUrl\":\"https:\/\/lereumaviagem.com\/piqueniques-literarios-em-tapetes-voadores\/wp-content\/uploads\/2023\/02\/PLTV-Dani-Buono-1.jpg\",\"width\":450,\"height\":450},{\"@type\":\"BreadcrumbList\",\"@id\":\"https:\/\/lereumaviagem.com\/piqueniques-literarios-em-tapetes-voadores\/equipe\/daniela-buono\/#breadcrumb\",\"itemListElement\":[{\"@type\":\"ListItem\",\"position\":1,\"name\":\"In\u00edcio\",\"item\":\"https:\/\/lereumaviagem.com\/piqueniques-literarios-em-tapetes-voadores\/\"},{\"@type\":\"ListItem\",\"position\":2,\"name\":\"Daniela Buono\"}]},{\"@type\":\"WebSite\",\"@id\":\"https:\/\/lereumaviagem.com\/piqueniques-literarios-em-tapetes-voadores\/#website\",\"url\":\"https:\/\/lereumaviagem.com\/piqueniques-literarios-em-tapetes-voadores\/\",\"name\":\"Piqueniques Liter\u00e1rios\",\"description\":\"Tapetes Voadores\",\"publisher\":{\"@id\":\"https:\/\/lereumaviagem.com\/piqueniques-literarios-em-tapetes-voadores\/#organization\"},\"potentialAction\":[{\"@type\":\"SearchAction\",\"target\":{\"@type\":\"EntryPoint\",\"urlTemplate\":\"https:\/\/lereumaviagem.com\/piqueniques-literarios-em-tapetes-voadores\/?s={search_term_string}\"},\"query-input\":{\"@type\":\"PropertyValueSpecification\",\"valueRequired\":true,\"valueName\":\"search_term_string\"}}],\"inLanguage\":\"pt-BR\"},{\"@type\":\"Organization\",\"@id\":\"https:\/\/lereumaviagem.com\/piqueniques-literarios-em-tapetes-voadores\/#organization\",\"name\":\"Piqueniques Liter\u00e1rios em Tapetes Voadores\",\"url\":\"https:\/\/lereumaviagem.com\/piqueniques-literarios-em-tapetes-voadores\/\",\"logo\":{\"@type\":\"ImageObject\",\"inLanguage\":\"pt-BR\",\"@id\":\"https:\/\/lereumaviagem.com\/piqueniques-literarios-em-tapetes-voadores\/#\/schema\/logo\/image\/\",\"url\":\"https:\/\/lereumaviagem.com\/piqueniques-literarios-em-tapetes-voadores\/wp-content\/uploads\/2023\/01\/logo-Piqueniques-Literarios.png\",\"contentUrl\":\"https:\/\/lereumaviagem.com\/piqueniques-literarios-em-tapetes-voadores\/wp-content\/uploads\/2023\/01\/logo-Piqueniques-Literarios.png\",\"width\":300,\"height\":154,\"caption\":\"Piqueniques Liter\u00e1rios em Tapetes Voadores\"},\"image\":{\"@id\":\"https:\/\/lereumaviagem.com\/piqueniques-literarios-em-tapetes-voadores\/#\/schema\/logo\/image\/\"},\"sameAs\":[\"https:\/\/www.facebook.com\/lereumaviagem\",\"https:\/\/www.instagram.com\/lereumaviagemoficial\/\",\"https:\/\/www.youtube.com\/@lereumaviagemoficial\"]}]}<\/script>\n<!-- \/ Yoast SEO plugin. -->","yoast_head_json":{"title":"Daniela Buono - Piqueniques Liter\u00e1rios","robots":{"index":"index","follow":"follow","max-snippet":"max-snippet:-1","max-image-preview":"max-image-preview:large","max-video-preview":"max-video-preview:-1"},"canonical":"https:\/\/lereumaviagem.com\/piqueniques-literarios-em-tapetes-voadores\/equipe\/daniela-buono\/","og_locale":"pt_BR","og_type":"article","og_title":"Daniela Buono - Piqueniques Liter\u00e1rios","og_description":"Jornalista, redatora, roteirista e especialista em comunica\u00e7\u00e3o digital. Produtora de conte\u00fado sobre maternidade e primeira inf\u00e2ncia (Cia das M\u00e3es, Amamenta\u00e7\u00e3o sem Mist\u00e9rio, Radar da Primeira Inf\u00e2ncia). Atuou em projetos na imprensa (MTV, Cultura, GNT, TV Escola), empresas (WMF Martins Fontes, EDP Brasil, Cielo, Votorantim), organiza\u00e7\u00f5es civis (Ita\u00fa Cultural, Funda\u00e7\u00e3o Maria Cecilia Souto Vidigal, Instituto Alfa...","og_url":"https:\/\/lereumaviagem.com\/piqueniques-literarios-em-tapetes-voadores\/equipe\/daniela-buono\/","og_site_name":"Piqueniques Liter\u00e1rios","article_publisher":"https:\/\/www.facebook.com\/lereumaviagem","article_modified_time":"2023-02-09T17:53:51+00:00","og_image":[{"width":450,"height":450,"url":"http:\/\/lereumaviagem.com\/piqueniques-literarios-em-tapetes-voadores\/wp-content\/uploads\/2023\/02\/PLTV-Dani-Buono-1.jpg","type":"image\/jpeg"}],"twitter_card":"summary_large_image","schema":{"@context":"https:\/\/schema.org","@graph":[{"@type":"WebPage","@id":"https:\/\/lereumaviagem.com\/piqueniques-literarios-em-tapetes-voadores\/equipe\/daniela-buono\/","url":"https:\/\/lereumaviagem.com\/piqueniques-literarios-em-tapetes-voadores\/equipe\/daniela-buono\/","name":"Daniela Buono - Piqueniques Liter\u00e1rios","isPartOf":{"@id":"https:\/\/lereumaviagem.com\/piqueniques-literarios-em-tapetes-voadores\/#website"},"primaryImageOfPage":{"@id":"https:\/\/lereumaviagem.com\/piqueniques-literarios-em-tapetes-voadores\/equipe\/daniela-buono\/#primaryimage"},"image":{"@id":"https:\/\/lereumaviagem.com\/piqueniques-literarios-em-tapetes-voadores\/equipe\/daniela-buono\/#primaryimage"},"thumbnailUrl":"https:\/\/lereumaviagem.com\/piqueniques-literarios-em-tapetes-voadores\/wp-content\/uploads\/2023\/02\/PLTV-Dani-Buono-1.jpg","datePublished":"2023-02-07T18:09:55+00:00","dateModified":"2023-02-09T17:53:51+00:00","breadcrumb":{"@id":"https:\/\/lereumaviagem.com\/piqueniques-literarios-em-tapetes-voadores\/equipe\/daniela-buono\/#breadcrumb"},"inLanguage":"pt-BR","potentialAction":[{"@type":"ReadAction","target":["https:\/\/lereumaviagem.com\/piqueniques-literarios-em-tapetes-voadores\/equipe\/daniela-buono\/"]}]},{"@type":"ImageObject","inLanguage":"pt-BR","@id":"https:\/\/lereumaviagem.com\/piqueniques-literarios-em-tapetes-voadores\/equipe\/daniela-buono\/#primaryimage","url":"https:\/\/lereumaviagem.com\/piqueniques-literarios-em-tapetes-voadores\/wp-content\/uploads\/2023\/02\/PLTV-Dani-Buono-1.jpg","contentUrl":"https:\/\/lereumaviagem.com\/piqueniques-literarios-em-tapetes-voadores\/wp-content\/uploads\/2023\/02\/PLTV-Dani-Buono-1.jpg","width":450,"height":450},{"@type":"BreadcrumbList","@id":"https:\/\/lereumaviagem.com\/piqueniques-literarios-em-tapetes-voadores\/equipe\/daniela-buono\/#breadcrumb","itemListElement":[{"@type":"ListItem","position":1,"name":"In\u00edcio","item":"https:\/\/lereumaviagem.com\/piqueniques-literarios-em-tapetes-voadores\/"},{"@type":"ListItem","position":2,"name":"Daniela Buono"}]},{"@type":"WebSite","@id":"https:\/\/lereumaviagem.com\/piqueniques-literarios-em-tapetes-voadores\/#website","url":"https:\/\/lereumaviagem.com\/piqueniques-literarios-em-tapetes-voadores\/","name":"Piqueniques Liter\u00e1rios","description":"Tapetes Voadores","publisher":{"@id":"https:\/\/lereumaviagem.com\/piqueniques-literarios-em-tapetes-voadores\/#organization"},"potentialAction":[{"@type":"SearchAction","target":{"@type":"EntryPoint","urlTemplate":"https:\/\/lereumaviagem.com\/piqueniques-literarios-em-tapetes-voadores\/?s={search_term_string}"},"query-input":{"@type":"PropertyValueSpecification","valueRequired":true,"valueName":"search_term_string"}}],"inLanguage":"pt-BR"},{"@type":"Organization","@id":"https:\/\/lereumaviagem.com\/piqueniques-literarios-em-tapetes-voadores\/#organization","name":"Piqueniques Liter\u00e1rios em Tapetes Voadores","url":"https:\/\/lereumaviagem.com\/piqueniques-literarios-em-tapetes-voadores\/","logo":{"@type":"ImageObject","inLanguage":"pt-BR","@id":"https:\/\/lereumaviagem.com\/piqueniques-literarios-em-tapetes-voadores\/#\/schema\/logo\/image\/","url":"https:\/\/lereumaviagem.com\/piqueniques-literarios-em-tapetes-voadores\/wp-content\/uploads\/2023\/01\/logo-Piqueniques-Literarios.png","contentUrl":"https:\/\/lereumaviagem.com\/piqueniques-literarios-em-tapetes-voadores\/wp-content\/uploads\/2023\/01\/logo-Piqueniques-Literarios.png","width":300,"height":154,"caption":"Piqueniques Liter\u00e1rios em Tapetes Voadores"},"image":{"@id":"https:\/\/lereumaviagem.com\/piqueniques-literarios-em-tapetes-voadores\/#\/schema\/logo\/image\/"},"sameAs":["https:\/\/www.facebook.com\/lereumaviagem","https:\/\/www.instagram.com\/lereumaviagemoficial\/","https:\/\/www.youtube.com\/@lereumaviagemoficial"]}]}},"_links":{"self":[{"href":"https:\/\/lereumaviagem.com\/piqueniques-literarios-em-tapetes-voadores\/wp-json\/wp\/v2\/equipe\/37692","targetHints":{"allow":["GET"]}}],"collection":[{"href":"https:\/\/lereumaviagem.com\/piqueniques-literarios-em-tapetes-voadores\/wp-json\/wp\/v2\/equipe"}],"about":[{"href":"https:\/\/lereumaviagem.com\/piqueniques-literarios-em-tapetes-voadores\/wp-json\/wp\/v2\/types\/equipe"}],"replies":[{"embeddable":true,"href":"https:\/\/lereumaviagem.com\/piqueniques-literarios-em-tapetes-voadores\/wp-json\/wp\/v2\/comments?post=37692"}],"wp:featuredmedia":[{"embeddable":true,"href":"https:\/\/lereumaviagem.com\/piqueniques-literarios-em-tapetes-voadores\/wp-json\/wp\/v2\/media\/38139"}],"wp:attachment":[{"href":"https:\/\/lereumaviagem.com\/piqueniques-literarios-em-tapetes-voadores\/wp-json\/wp\/v2\/media?parent=37692"}],"wp:term":[{"taxonomy":"departamento","embeddable":true,"href":"https:\/\/lereumaviagem.com\/piqueniques-literarios-em-tapetes-voadores\/wp-json\/wp\/v2\/departamento?post=37692"}],"curies":[{"name":"wp","href":"https:\/\/api.w.org\/{rel}","templated":true}]}}