{"id":37672,"date":"2023-02-07T17:59:16","date_gmt":"2023-02-07T17:59:16","guid":{"rendered":"https:\/\/lereumaviagem.com\/piqueniques-literarios-em-tapetes-voadores\/?post_type=equipe&#038;p=37672"},"modified":"2023-02-07T17:59:16","modified_gmt":"2023-02-07T17:59:16","slug":"mariana-bonfanti","status":"publish","type":"equipe","link":"https:\/\/lereumaviagem.com\/piqueniques-literarios-em-tapetes-voadores\/equipe\/mariana-bonfanti\/","title":{"rendered":"Mariana Bonfanti"},"content":{"rendered":"<p>Mestre em Hist\u00f3ria pela PUC-SP, trabalha com produ\u00e7\u00e3o e gest\u00e3o de projetos culturais h\u00e1 15 anos. Foi s\u00f3cia da produtora de audiovisual Est\u00fadio B e mais recentemente colaborou na gest\u00e3o e capta\u00e7\u00e3o de recursos da FLIP &#8211; Festa Liter\u00e1ria Internacional de Paraty.\u00a0 Atualmente \u00e9 Coordenadora de Capta\u00e7\u00e3o e Parcerias da Base dos Dados, OCS dedicada a universalizar dados p\u00fablicos, \u00e9 proponente e produtora executiva do projeto \u201cVoltando \u00e0 Escola\u201d, que leva a arte do grafite para escolas p\u00fablicas de todo Brasil e produtora executiva do LER \u00c9 UMA VIAGEM, projeto do cora\u00e7\u00e3o com o qual esteve envolvida pela primeira vez h\u00e1 10 anos.<\/p>\n","protected":false},"excerpt":{"rendered":"<p>Mestre em Hist\u00f3ria pela PUC-SP, trabalha com produ\u00e7\u00e3o e gest\u00e3o de projetos culturais h\u00e1 15 anos. Foi s\u00f3cia da produtora de audiovisual Est\u00fadio B e mais recentemente colaborou na gest\u00e3o e capta\u00e7\u00e3o de recursos da FLIP &#8211; Festa Liter\u00e1ria Internacional de Paraty.\u00a0 Atualmente \u00e9 Coordenadora de Capta\u00e7\u00e3o e Parcerias da Base dos Dados, OCS dedicada&#8230;<\/p>\n","protected":false},"featured_media":37673,"comment_status":"open","ping_status":"closed","template":"","meta":{"pmpro_default_level":""},"departamento":[77],"class_list":["post-37672","equipe","type-equipe","status-publish","has-post-thumbnail","hentry","departamento-producao-e-administracao","pmpro-has-access"],"yoast_head":"<!-- This site is optimized with the Yoast SEO plugin v26.8 - https:\/\/yoast.com\/product\/yoast-seo-wordpress\/ -->\n<title>Mariana Bonfanti - Piqueniques Liter\u00e1rios<\/title>\n<meta name=\"robots\" content=\"index, follow, max-snippet:-1, max-image-preview:large, max-video-preview:-1\" \/>\n<link rel=\"canonical\" href=\"https:\/\/lereumaviagem.com\/piqueniques-literarios-em-tapetes-voadores\/equipe\/mariana-bonfanti\/\" \/>\n<meta property=\"og:locale\" content=\"pt_BR\" \/>\n<meta property=\"og:type\" content=\"article\" \/>\n<meta property=\"og:title\" content=\"Mariana Bonfanti - Piqueniques Liter\u00e1rios\" \/>\n<meta property=\"og:description\" content=\"Mestre em Hist\u00f3ria pela PUC-SP, trabalha com produ\u00e7\u00e3o e gest\u00e3o de projetos culturais h\u00e1 15 anos. Foi s\u00f3cia da produtora de audiovisual Est\u00fadio B e mais recentemente colaborou na gest\u00e3o e capta\u00e7\u00e3o de recursos da FLIP &#8211; Festa Liter\u00e1ria Internacional de Paraty.\u00a0 Atualmente \u00e9 Coordenadora de Capta\u00e7\u00e3o e Parcerias da Base dos Dados, OCS dedicada...\" \/>\n<meta property=\"og:url\" content=\"https:\/\/lereumaviagem.com\/piqueniques-literarios-em-tapetes-voadores\/equipe\/mariana-bonfanti\/\" \/>\n<meta property=\"og:site_name\" content=\"Piqueniques Liter\u00e1rios\" \/>\n<meta property=\"article:publisher\" content=\"https:\/\/www.facebook.com\/lereumaviagem\" \/>\n<meta property=\"og:image\" content=\"http:\/\/lereumaviagem.com\/piqueniques-literarios-em-tapetes-voadores\/wp-content\/uploads\/2023\/02\/PLTV-Mari-Bonfanti.jpg\" \/>\n\t<meta property=\"og:image:width\" content=\"450\" \/>\n\t<meta property=\"og:image:height\" content=\"450\" \/>\n\t<meta property=\"og:image:type\" content=\"image\/jpeg\" \/>\n<meta name=\"twitter:card\" content=\"summary_large_image\" \/>\n<meta name=\"twitter:label1\" content=\"Est. tempo de leitura\" \/>\n\t<meta name=\"twitter:data1\" content=\"1 minuto\" \/>\n<script type=\"application\/ld+json\" class=\"yoast-schema-graph\">{\"@context\":\"https:\/\/schema.org\",\"@graph\":[{\"@type\":\"WebPage\",\"@id\":\"https:\/\/lereumaviagem.com\/piqueniques-literarios-em-tapetes-voadores\/equipe\/mariana-bonfanti\/\",\"url\":\"https:\/\/lereumaviagem.com\/piqueniques-literarios-em-tapetes-voadores\/equipe\/mariana-bonfanti\/\",\"name\":\"Mariana Bonfanti - Piqueniques Liter\u00e1rios\",\"isPartOf\":{\"@id\":\"https:\/\/lereumaviagem.com\/piqueniques-literarios-em-tapetes-voadores\/#website\"},\"primaryImageOfPage\":{\"@id\":\"https:\/\/lereumaviagem.com\/piqueniques-literarios-em-tapetes-voadores\/equipe\/mariana-bonfanti\/#primaryimage\"},\"image\":{\"@id\":\"https:\/\/lereumaviagem.com\/piqueniques-literarios-em-tapetes-voadores\/equipe\/mariana-bonfanti\/#primaryimage\"},\"thumbnailUrl\":\"https:\/\/lereumaviagem.com\/piqueniques-literarios-em-tapetes-voadores\/wp-content\/uploads\/2023\/02\/PLTV-Mari-Bonfanti.jpg\",\"datePublished\":\"2023-02-07T17:59:16+00:00\",\"breadcrumb\":{\"@id\":\"https:\/\/lereumaviagem.com\/piqueniques-literarios-em-tapetes-voadores\/equipe\/mariana-bonfanti\/#breadcrumb\"},\"inLanguage\":\"pt-BR\",\"potentialAction\":[{\"@type\":\"ReadAction\",\"target\":[\"https:\/\/lereumaviagem.com\/piqueniques-literarios-em-tapetes-voadores\/equipe\/mariana-bonfanti\/\"]}]},{\"@type\":\"ImageObject\",\"inLanguage\":\"pt-BR\",\"@id\":\"https:\/\/lereumaviagem.com\/piqueniques-literarios-em-tapetes-voadores\/equipe\/mariana-bonfanti\/#primaryimage\",\"url\":\"https:\/\/lereumaviagem.com\/piqueniques-literarios-em-tapetes-voadores\/wp-content\/uploads\/2023\/02\/PLTV-Mari-Bonfanti.jpg\",\"contentUrl\":\"https:\/\/lereumaviagem.com\/piqueniques-literarios-em-tapetes-voadores\/wp-content\/uploads\/2023\/02\/PLTV-Mari-Bonfanti.jpg\",\"width\":450,\"height\":450},{\"@type\":\"BreadcrumbList\",\"@id\":\"https:\/\/lereumaviagem.com\/piqueniques-literarios-em-tapetes-voadores\/equipe\/mariana-bonfanti\/#breadcrumb\",\"itemListElement\":[{\"@type\":\"ListItem\",\"position\":1,\"name\":\"In\u00edcio\",\"item\":\"https:\/\/lereumaviagem.com\/piqueniques-literarios-em-tapetes-voadores\/\"},{\"@type\":\"ListItem\",\"position\":2,\"name\":\"Mariana Bonfanti\"}]},{\"@type\":\"WebSite\",\"@id\":\"https:\/\/lereumaviagem.com\/piqueniques-literarios-em-tapetes-voadores\/#website\",\"url\":\"https:\/\/lereumaviagem.com\/piqueniques-literarios-em-tapetes-voadores\/\",\"name\":\"Piqueniques Liter\u00e1rios\",\"description\":\"Tapetes Voadores\",\"publisher\":{\"@id\":\"https:\/\/lereumaviagem.com\/piqueniques-literarios-em-tapetes-voadores\/#organization\"},\"potentialAction\":[{\"@type\":\"SearchAction\",\"target\":{\"@type\":\"EntryPoint\",\"urlTemplate\":\"https:\/\/lereumaviagem.com\/piqueniques-literarios-em-tapetes-voadores\/?s={search_term_string}\"},\"query-input\":{\"@type\":\"PropertyValueSpecification\",\"valueRequired\":true,\"valueName\":\"search_term_string\"}}],\"inLanguage\":\"pt-BR\"},{\"@type\":\"Organization\",\"@id\":\"https:\/\/lereumaviagem.com\/piqueniques-literarios-em-tapetes-voadores\/#organization\",\"name\":\"Piqueniques Liter\u00e1rios em Tapetes Voadores\",\"url\":\"https:\/\/lereumaviagem.com\/piqueniques-literarios-em-tapetes-voadores\/\",\"logo\":{\"@type\":\"ImageObject\",\"inLanguage\":\"pt-BR\",\"@id\":\"https:\/\/lereumaviagem.com\/piqueniques-literarios-em-tapetes-voadores\/#\/schema\/logo\/image\/\",\"url\":\"https:\/\/lereumaviagem.com\/piqueniques-literarios-em-tapetes-voadores\/wp-content\/uploads\/2023\/01\/logo-Piqueniques-Literarios.png\",\"contentUrl\":\"https:\/\/lereumaviagem.com\/piqueniques-literarios-em-tapetes-voadores\/wp-content\/uploads\/2023\/01\/logo-Piqueniques-Literarios.png\",\"width\":300,\"height\":154,\"caption\":\"Piqueniques Liter\u00e1rios em Tapetes Voadores\"},\"image\":{\"@id\":\"https:\/\/lereumaviagem.com\/piqueniques-literarios-em-tapetes-voadores\/#\/schema\/logo\/image\/\"},\"sameAs\":[\"https:\/\/www.facebook.com\/lereumaviagem\",\"https:\/\/www.instagram.com\/lereumaviagemoficial\/\",\"https:\/\/www.youtube.com\/@lereumaviagemoficial\"]}]}<\/script>\n<!-- \/ Yoast SEO plugin. -->","yoast_head_json":{"title":"Mariana Bonfanti - Piqueniques Liter\u00e1rios","robots":{"index":"index","follow":"follow","max-snippet":"max-snippet:-1","max-image-preview":"max-image-preview:large","max-video-preview":"max-video-preview:-1"},"canonical":"https:\/\/lereumaviagem.com\/piqueniques-literarios-em-tapetes-voadores\/equipe\/mariana-bonfanti\/","og_locale":"pt_BR","og_type":"article","og_title":"Mariana Bonfanti - Piqueniques Liter\u00e1rios","og_description":"Mestre em Hist\u00f3ria pela PUC-SP, trabalha com produ\u00e7\u00e3o e gest\u00e3o de projetos culturais h\u00e1 15 anos. Foi s\u00f3cia da produtora de audiovisual Est\u00fadio B e mais recentemente colaborou na gest\u00e3o e capta\u00e7\u00e3o de recursos da FLIP &#8211; Festa Liter\u00e1ria Internacional de Paraty.\u00a0 Atualmente \u00e9 Coordenadora de Capta\u00e7\u00e3o e Parcerias da Base dos Dados, OCS dedicada...","og_url":"https:\/\/lereumaviagem.com\/piqueniques-literarios-em-tapetes-voadores\/equipe\/mariana-bonfanti\/","og_site_name":"Piqueniques Liter\u00e1rios","article_publisher":"https:\/\/www.facebook.com\/lereumaviagem","og_image":[{"width":450,"height":450,"url":"http:\/\/lereumaviagem.com\/piqueniques-literarios-em-tapetes-voadores\/wp-content\/uploads\/2023\/02\/PLTV-Mari-Bonfanti.jpg","type":"image\/jpeg"}],"twitter_card":"summary_large_image","twitter_misc":{"Est. tempo de leitura":"1 minuto"},"schema":{"@context":"https:\/\/schema.org","@graph":[{"@type":"WebPage","@id":"https:\/\/lereumaviagem.com\/piqueniques-literarios-em-tapetes-voadores\/equipe\/mariana-bonfanti\/","url":"https:\/\/lereumaviagem.com\/piqueniques-literarios-em-tapetes-voadores\/equipe\/mariana-bonfanti\/","name":"Mariana Bonfanti - Piqueniques Liter\u00e1rios","isPartOf":{"@id":"https:\/\/lereumaviagem.com\/piqueniques-literarios-em-tapetes-voadores\/#website"},"primaryImageOfPage":{"@id":"https:\/\/lereumaviagem.com\/piqueniques-literarios-em-tapetes-voadores\/equipe\/mariana-bonfanti\/#primaryimage"},"image":{"@id":"https:\/\/lereumaviagem.com\/piqueniques-literarios-em-tapetes-voadores\/equipe\/mariana-bonfanti\/#primaryimage"},"thumbnailUrl":"https:\/\/lereumaviagem.com\/piqueniques-literarios-em-tapetes-voadores\/wp-content\/uploads\/2023\/02\/PLTV-Mari-Bonfanti.jpg","datePublished":"2023-02-07T17:59:16+00:00","breadcrumb":{"@id":"https:\/\/lereumaviagem.com\/piqueniques-literarios-em-tapetes-voadores\/equipe\/mariana-bonfanti\/#breadcrumb"},"inLanguage":"pt-BR","potentialAction":[{"@type":"ReadAction","target":["https:\/\/lereumaviagem.com\/piqueniques-literarios-em-tapetes-voadores\/equipe\/mariana-bonfanti\/"]}]},{"@type":"ImageObject","inLanguage":"pt-BR","@id":"https:\/\/lereumaviagem.com\/piqueniques-literarios-em-tapetes-voadores\/equipe\/mariana-bonfanti\/#primaryimage","url":"https:\/\/lereumaviagem.com\/piqueniques-literarios-em-tapetes-voadores\/wp-content\/uploads\/2023\/02\/PLTV-Mari-Bonfanti.jpg","contentUrl":"https:\/\/lereumaviagem.com\/piqueniques-literarios-em-tapetes-voadores\/wp-content\/uploads\/2023\/02\/PLTV-Mari-Bonfanti.jpg","width":450,"height":450},{"@type":"BreadcrumbList","@id":"https:\/\/lereumaviagem.com\/piqueniques-literarios-em-tapetes-voadores\/equipe\/mariana-bonfanti\/#breadcrumb","itemListElement":[{"@type":"ListItem","position":1,"name":"In\u00edcio","item":"https:\/\/lereumaviagem.com\/piqueniques-literarios-em-tapetes-voadores\/"},{"@type":"ListItem","position":2,"name":"Mariana Bonfanti"}]},{"@type":"WebSite","@id":"https:\/\/lereumaviagem.com\/piqueniques-literarios-em-tapetes-voadores\/#website","url":"https:\/\/lereumaviagem.com\/piqueniques-literarios-em-tapetes-voadores\/","name":"Piqueniques Liter\u00e1rios","description":"Tapetes Voadores","publisher":{"@id":"https:\/\/lereumaviagem.com\/piqueniques-literarios-em-tapetes-voadores\/#organization"},"potentialAction":[{"@type":"SearchAction","target":{"@type":"EntryPoint","urlTemplate":"https:\/\/lereumaviagem.com\/piqueniques-literarios-em-tapetes-voadores\/?s={search_term_string}"},"query-input":{"@type":"PropertyValueSpecification","valueRequired":true,"valueName":"search_term_string"}}],"inLanguage":"pt-BR"},{"@type":"Organization","@id":"https:\/\/lereumaviagem.com\/piqueniques-literarios-em-tapetes-voadores\/#organization","name":"Piqueniques Liter\u00e1rios em Tapetes Voadores","url":"https:\/\/lereumaviagem.com\/piqueniques-literarios-em-tapetes-voadores\/","logo":{"@type":"ImageObject","inLanguage":"pt-BR","@id":"https:\/\/lereumaviagem.com\/piqueniques-literarios-em-tapetes-voadores\/#\/schema\/logo\/image\/","url":"https:\/\/lereumaviagem.com\/piqueniques-literarios-em-tapetes-voadores\/wp-content\/uploads\/2023\/01\/logo-Piqueniques-Literarios.png","contentUrl":"https:\/\/lereumaviagem.com\/piqueniques-literarios-em-tapetes-voadores\/wp-content\/uploads\/2023\/01\/logo-Piqueniques-Literarios.png","width":300,"height":154,"caption":"Piqueniques Liter\u00e1rios em Tapetes Voadores"},"image":{"@id":"https:\/\/lereumaviagem.com\/piqueniques-literarios-em-tapetes-voadores\/#\/schema\/logo\/image\/"},"sameAs":["https:\/\/www.facebook.com\/lereumaviagem","https:\/\/www.instagram.com\/lereumaviagemoficial\/","https:\/\/www.youtube.com\/@lereumaviagemoficial"]}]}},"_links":{"self":[{"href":"https:\/\/lereumaviagem.com\/piqueniques-literarios-em-tapetes-voadores\/wp-json\/wp\/v2\/equipe\/37672","targetHints":{"allow":["GET"]}}],"collection":[{"href":"https:\/\/lereumaviagem.com\/piqueniques-literarios-em-tapetes-voadores\/wp-json\/wp\/v2\/equipe"}],"about":[{"href":"https:\/\/lereumaviagem.com\/piqueniques-literarios-em-tapetes-voadores\/wp-json\/wp\/v2\/types\/equipe"}],"replies":[{"embeddable":true,"href":"https:\/\/lereumaviagem.com\/piqueniques-literarios-em-tapetes-voadores\/wp-json\/wp\/v2\/comments?post=37672"}],"wp:featuredmedia":[{"embeddable":true,"href":"https:\/\/lereumaviagem.com\/piqueniques-literarios-em-tapetes-voadores\/wp-json\/wp\/v2\/media\/37673"}],"wp:attachment":[{"href":"https:\/\/lereumaviagem.com\/piqueniques-literarios-em-tapetes-voadores\/wp-json\/wp\/v2\/media?parent=37672"}],"wp:term":[{"taxonomy":"departamento","embeddable":true,"href":"https:\/\/lereumaviagem.com\/piqueniques-literarios-em-tapetes-voadores\/wp-json\/wp\/v2\/departamento?post=37672"}],"curies":[{"name":"wp","href":"https:\/\/api.w.org\/{rel}","templated":true}]}}